{"id":45,"date":"2024-12-22T20:06:50","date_gmt":"2024-12-22T20:06:50","guid":{"rendered":"https:\/\/bacaworld.org\/belgium\/?page_id=45"},"modified":"2024-12-22T21:21:26","modified_gmt":"2024-12-22T21:21:26","slug":"qui-sommes-nous","status":"publish","type":"page","link":"https:\/\/bacaworld.org\/belgium\/qui-sommes-nous\/","title":{"rendered":"QUI SOMMES-NOUS"},"content":{"rendered":"<p>[et_pb_section fb_built=&#8221;1&#8243; _builder_version=&#8221;4.27.4&#8243; _module_preset=&#8221;default&#8221; global_colors_info=&#8221;{}&#8221; theme_builder_area=&#8221;et_body_layout&#8221;][et_pb_row _builder_version=&#8221;4.27.4&#8243; _module_preset=&#8221;default&#8221; custom_margin=&#8221;-30px|auto||auto||&#8221; global_colors_info=&#8221;{}&#8221; theme_builder_area=&#8221;et_body_layout&#8221;][et_pb_column type=&#8221;4_4&#8243; _builder_version=&#8221;4.27.4&#8243; _module_preset=&#8221;default&#8221; global_colors_info=&#8221;{}&#8221; theme_builder_area=&#8221;et_body_layout&#8221;][et_pb_text _builder_version=&#8221;4.27.4&#8243; _module_preset=&#8221;default&#8221; hover_enabled=&#8221;0&#8243; global_colors_info=&#8221;{}&#8221; theme_builder_area=&#8221;et_body_layout&#8221; sticky_enabled=&#8221;0&#8243;]<\/p>\n<p style=\"text-align: left;\"><em>Le B.A.C.A.\u00ae est une association sans but lucratif, regroupant des motards b\u00e9n\u00e9voles d\u00e9sireux d\u2019aider les enfants abus\u00e9s et\/ou maltrait\u00e9s. Nous sommes une association caritative.<\/em><\/p>\n<p style=\"text-align: left;\"><em>Il ne s\u2019agit en aucun cas d\u2019un M.C. (moto-club) ou autre club de motos et il n\u2019a aucune intention de le devenir.<\/em><\/p>\n<p style=\"text-align: left;\"><em>L\u2019association est chapeaut\u00e9e par cinq membres dirigeants du B.A.C.A.\u00ae international et un comit\u00e9 de cinq membres belges \u00e9ligibles tous les deux ans lors d\u2019un vote durant l\u2019assembl\u00e9e g\u00e9n\u00e9rale.<\/em><\/p>\n<p style=\"text-align: left;\"><em>Ce comit\u00e9 est compos\u00e9 d\u2019un pr\u00e9sident, d\u2019un vice-pr\u00e9sident, d\u2019un secr\u00e9taire, d\u2019un tr\u00e9sorier ainsi que d\u2019un officier de s\u00e9curit\u00e9.<\/em><\/p>\n<p style=\"text-align: left;\"><em>Hommes et femmes ont les m\u00eames droits dans l\u2019association, et toutes les marques de motos sont accept\u00e9es.<\/em><\/p>\n<p style=\"text-align: left;\"><em>Pour devenir membre de l\u2019association, il faut imp\u00e9rativement r\u00e9pondre \u00e0 un ensemble de crit\u00e8res tr\u00e8s stricts.<\/em><\/p>\n<ul style=\"text-align: left;\">\n<li><strong><em>Un extrait du casier judiciaire d\u00e9livr\u00e9 conform\u00e9ment \u00e0 l\u2019Article 596 al.2 du Code d\u2019instruction criminelle<span>\u00a0<\/span><\/em><\/strong><em>est toujours demand\u00e9 en pr\u00e9requis \u00e0 toute personne d\u00e9sireuse d\u2019apporter son aide \u00e0 l\u2019association, il devra \u00eatre renouvel\u00e9 tous les deux ans. C\u2019est une obligation l\u00e9gale pour toute personne d\u00e9sireuse d\u2019acc\u00e9der \u00e0 une activit\u00e9 qui rel\u00e8ve de l\u2019\u00e9ducation, de la guidance psycho-m\u00e9dico-sociale, de l\u2019aide \u00e0 la jeunesse, de la protection de la famille, de l\u2019animation ou de l\u2019encadrement de mineurs.<\/em><\/li>\n<li><strong><em>Un code de conduite interne\u00a0<\/em><\/strong><em>doit \u00eatre approuv\u00e9, sign\u00e9 et respect\u00e9.<\/em><\/li>\n<li><strong><em>Des ateliers de formation\u00a0<\/em><\/strong><em>doivent \u00eatre suivis et enfin,\u00a0<strong>une pr\u00e9sence d\u2019au moins 80%\u00a0<\/strong>aux activit\u00e9s doit \u00eatre enregistr\u00e9e.<\/em><\/li>\n<\/ul>\n<p style=\"text-align: left;\"><em>En outre cela, il faut poss\u00e9der une moto d\u2019au moins 125 cc, avoir donc plus de 18 ans et \u00eatre en ordre de permis de conduire et d\u2019assurance (des copies des documents sont exig\u00e9s). Il est possible d\u2019\u00eatre membre en tant que passager\/passag\u00e8re mais il faut alors avoir une place sur la moto d\u2019un membre.<\/em><\/p>\n<p style=\"text-align: left;\"><em>Etant pour l\u2019heure au tout d\u00e9but de son histoire en Belgique, le B.A.C.A.\u00ae n\u2019est actuellement pr\u00e9sent que sous la forme d\u2019un \u00ab\u00a0Chapitre\u00a0Temporaire \u00bb qui op\u00e8re dans tout le pays. A l\u2019avenir,\u00a0il est probable que d\u2019autres chapitres voient le jour dans les diff\u00e9rentes provinces du pays.<\/em><\/p>\n<p style=\"text-align: left;\"><em>\u00a0<\/em><\/p>\n<p style=\"text-align: left;\"><em>Nous \u0153uvrons afin de fournir une pr\u00e9sence pr\u00e9ventive et de l\u2019assistance aux enfants qui ont subis des abus. Nous voulons travailler en collaboration avec les autorit\u00e9s judiciaires et les institutions d\u00e9j\u00e0 en place qui s\u2019occupent de ces enfants. Nous nous voulons transparent envers ceux-ci. Nous respectons la constitution et les lois belge.<\/em><\/p>\n<p>[\/et_pb_text][\/et_pb_column][\/et_pb_row][\/et_pb_section]<\/p>\n","protected":false},"excerpt":{"rendered":"<p>Le B.A.C.A.\u00ae est une association sans but lucratif, regroupant des motards b\u00e9n\u00e9voles d\u00e9sireux d\u2019aider les enfants abus\u00e9s et\/ou maltrait\u00e9s. Nous sommes une association caritative. Il ne s\u2019agit en aucun cas d\u2019un M.C. (moto-club) ou autre club de motos et il n\u2019a aucune intention de le devenir. L\u2019association est chapeaut\u00e9e par cinq membres dirigeants du B.A.C.A.\u00ae [&hellip;]<\/p>\n","protected":false},"author":1,"featured_media":0,"parent":0,"menu_order":0,"comment_status":"closed","ping_status":"closed","template":"","meta":{"_et_pb_use_builder":"on","_et_pb_old_content":"","_et_gb_content_width":"","footnotes":""},"class_list":["post-45","page","type-page","status-publish","hentry"],"_links":{"self":[{"href":"https:\/\/bacaworld.org\/belgium\/wp-json\/wp\/v2\/pages\/45","targetHints":{"allow":["GET"]}}],"collection":[{"href":"https:\/\/bacaworld.org\/belgium\/wp-json\/wp\/v2\/pages"}],"about":[{"href":"https:\/\/bacaworld.org\/belgium\/wp-json\/wp\/v2\/types\/page"}],"author":[{"embeddable":true,"href":"https:\/\/bacaworld.org\/belgium\/wp-json\/wp\/v2\/users\/1"}],"replies":[{"embeddable":true,"href":"https:\/\/bacaworld.org\/belgium\/wp-json\/wp\/v2\/comments?post=45"}],"version-history":[{"count":3,"href":"https:\/\/bacaworld.org\/belgium\/wp-json\/wp\/v2\/pages\/45\/revisions"}],"predecessor-version":[{"id":105,"href":"https:\/\/bacaworld.org\/belgium\/wp-json\/wp\/v2\/pages\/45\/revisions\/105"}],"wp:attachment":[{"href":"https:\/\/bacaworld.org\/belgium\/wp-json\/wp\/v2\/media?parent=45"}],"curies":[{"name":"wp","href":"https:\/\/api.w.org\/{rel}","templated":true}]}}